{"id":2021,"date":"2026-08-07T12:42:02","date_gmt":"2026-08-07T12:42:02","guid":{"rendered":"https:\/\/spectrals.ch\/sebastien\/?page_id=2021"},"modified":"2026-09-02T13:54:33","modified_gmt":"2026-09-02T13:54:33","slug":"expositions","status":"publish","type":"page","link":"https:\/\/spectrals.ch\/sebastien\/expositions\/","title":{"rendered":"EXPOSITIONS"},"content":{"rendered":"<p>[et_pb_section fb_built=\u00a0\u00bb1&Prime; _builder_version=\u00a0\u00bb4.16&Prime; _module_preset=\u00a0\u00bbdefault\u00a0\u00bb custom_margin=\u00a0\u00bb||-43px|||\u00a0\u00bb global_colors_info=\u00a0\u00bb{}\u00a0\u00bb][et_pb_row _builder_version=\u00a0\u00bb4.27.7&Prime; _module_preset=\u00a0\u00bbdefault\u00a0\u00bb custom_margin=\u00a0\u00bb-15px||||false|false\u00a0\u00bb custom_margin_tablet=\u00a0\u00bb\u00a0\u00bb custom_margin_phone=\u00a0\u00bb-40px||||false|false\u00a0\u00bb custom_margin_last_edited=\u00a0\u00bbon|phone\u00a0\u00bb hover_enabled=\u00a0\u00bb0&Prime; global_colors_info=\u00a0\u00bb{}\u00a0\u00bb sticky_enabled=\u00a0\u00bb0&Prime;][et_pb_column type=\u00a0\u00bb4_4&Prime; _builder_version=\u00a0\u00bb4.27.4&Prime; _module_preset=\u00a0\u00bbdefault\u00a0\u00bb global_colors_info=\u00a0\u00bb{}\u00a0\u00bb][et_pb_text content_tablet=\u00a0\u00bb<\/p>\n<p><strong>LA VILLA MOYARD<\/strong><\/p>\n<p>EXPOSITION \u00c0 L&rsquo;ESPACE D&rsquo;ART CONTEMPORAIN, <a href=%22https:\/\/villamoyard.ch\/%22 data-et-target-link=%22_blank%22 rel=%22noopener%22><span style=%22text-decoration: underline;%22>LA VILLA MOYARD<\/span><\/a> \u00c0 MORGES.<br \/>F\u00c9VRIER 2025.<\/p>\n<p>\u00a0\u00bb content_phone=\u00a0\u00bb<\/p>\n<p><strong>LA VILLA MOYARD<\/strong><\/p>\n<p>EXPOSITION \u00c0 L&rsquo;ESPACE<br \/>D&rsquo;ART CONTEMPORAIN,<br \/><a href=%22https:\/\/villamoyard.ch\/%22 data-et-target-link=%22_blank%22 rel=%22noopener%22><span style=%22text-decoration: underline;%22>LA VILLA MOYARD<\/span><\/a> \u00c0 MORGES.<br \/>F\u00c9VRIER 2025.<\/p>\n<p>\u00a0\u00bb content_last_edited=\u00a0\u00bbon|phone\u00a0\u00bb _builder_version=\u00a0\u00bb4.27.8&Prime; _module_preset=\u00a0\u00bbdefault\u00a0\u00bb text_letter_spacing=\u00a0\u00bb1px\u00a0\u00bb link_font=\u00a0\u00bb||||on||||solid\u00a0\u00bb width=\u00a0\u00bb100%\u00a0\u00bb module_alignment=\u00a0\u00bbcenter\u00a0\u00bb animation_style=\u00a0\u00bbfade\u00a0\u00bb animation_duration=\u00a0\u00bb1650ms\u00a0\u00bb link_option_url_new_window=\u00a0\u00bbon\u00a0\u00bb locked=\u00a0\u00bboff\u00a0\u00bb global_colors_info=\u00a0\u00bb{}\u00a0\u00bb]<\/p>\n<p><strong>LA VILLA MOYARD<\/strong><\/p>\n<p>EXPOSITION \u00c0 L&rsquo;ESPACE D&rsquo;ART CONTEMPORAIN, <a href=\"https:\/\/villamoyard.ch\/\" target=\"_blank\" rel=\"noopener\"><span style=\"text-decoration: underline;\">LA VILLA MOYARD<\/span><\/a> \u00c0 MORGES.<br \/>F\u00c9VRIER 2025.<\/p>\n<p>[\/et_pb_text][\/et_pb_column][\/et_pb_row][et_pb_row _builder_version=\u00a0\u00bb4.27.7&Prime; _module_preset=\u00a0\u00bbdefault\u00a0\u00bb custom_margin=\u00a0\u00bb-30px||||false|false\u00a0\u00bb global_colors_info=\u00a0\u00bb{}\u00a0\u00bb][et_pb_column type=\u00a0\u00bb4_4&Prime; _builder_version=\u00a0\u00bb4.27.4&Prime; _module_preset=\u00a0\u00bbdefault\u00a0\u00bb global_colors_info=\u00a0\u00bb{}\u00a0\u00bb][dsm_masonry_gallery gallery_ids=\u00a0\u00bb1742,1741,1744,1740,1739,1738,1743,1737,1746&Prime; dsm_sort_images=\u00a0\u00bboff\u00a0\u00bb use_overlay=\u00a0\u00bbon\u00a0\u00bb overlay_title=\u00a0\u00bboff\u00a0\u00bb overlay_caption=\u00a0\u00bboff\u00a0\u00bb overlay_description=\u00a0\u00bboff\u00a0\u00bb use_lightbox=\u00a0\u00bbon\u00a0\u00bb lightbox_title=\u00a0\u00bboff\u00a0\u00bb lightbox_caption=\u00a0\u00bboff\u00a0\u00bb overlay_color=\u00a0\u00bbrgba(255,255,255,0.7)\u00a0\u00bb columns_tablet=\u00a0\u00bb\u00a0\u00bb columns_phone=\u00a0\u00bb2&Prime; columns_last_edited=\u00a0\u00bbon|desktop\u00a0\u00bb _builder_version=\u00a0\u00bb4.27.7&Prime; _module_preset=\u00a0\u00bbdefault\u00a0\u00bb global_colors_info=\u00a0\u00bb{}\u00a0\u00bb][\/dsm_masonry_gallery][\/et_pb_column][\/et_pb_row][\/et_pb_section]<\/p>\n","protected":false},"excerpt":{"rendered":"<p>LA VILLA MOYARD EXPOSITION \u00c0 L&rsquo;ESPACE D&rsquo;ART CONTEMPORAIN, LA VILLA MOYARD \u00c0 MORGES.F\u00c9VRIER 2025.<div class=\"et_pb_module dsm_masonry_gallery dsm_masonry_gallery_0\">\n\t\t\t\t\n\t\t\t\t\n\t\t\t\t\n\t\t\t\t\n\t\t\t\t\n\t\t\t\t\n\t\t\t\t<div class=\"et_pb_module_inner\">\n\t\t\t\t\t<div class=\"dsm-gallery grid\" data-lightbox=\"true\" data-horizontalorder=\"true\">\n                <div class=\"grid-sizer\"><\/div><div class=\"gutter-sizer\"><\/div><div class=\"grid-item\">\n                    <a href=\"https:\/\/spectrals.ch\/sebastien\/wp-content\/uploads\/2025\/03\/06.jpg\"   data-mfp-src=\"https:\/\/spectrals.ch\/sebastien\/wp-content\/uploads\/2025\/03\/06.jpg\">\n                        <div class=\"et_pb_image_wrap\">\n                            <img loading=\"lazy\" decoding=\"async\" src=\"https:\/\/spectrals.ch\/sebastien\/wp-content\/uploads\/2025\/03\/06.jpg\" title=\"06\" alt=\"\" class=\"dsm-skip-lazyload\" srcset=\"https:\/\/spectrals.ch\/sebastien\/wp-content\/uploads\/2025\/03\/06.jpg 1181w, https:\/\/spectrals.ch\/sebastien\/wp-content\/uploads\/2025\/03\/06-980x784.jpg 980w, https:\/\/spectrals.ch\/sebastien\/wp-content\/uploads\/2025\/03\/06-480x384.jpg 480w\" sizes=\"(min-width: 0px) and (max-width: 480px) 480px, (min-width: 481px) and (max-width: 980px) 980px, (min-width: 981px) 1181px, 100vw\" width=\"1181\" height=\"945\" \/>\n                            <span class=\"et_overlay dsm-overlay\">\n                        <div class=\"dsm-overlay-inner\">\n                            \n                            \n\t\t\t\t\t\t\t\n                        <\/div>\n                    <\/span>\n                        <\/div>\n                    <\/a>\n                <\/div><div class=\"grid-item\">\n                    <a href=\"https:\/\/spectrals.ch\/sebastien\/wp-content\/uploads\/2025\/03\/04.jpg\"   data-mfp-src=\"https:\/\/spectrals.ch\/sebastien\/wp-content\/uploads\/2025\/03\/04.jpg\">\n                        <div class=\"et_pb_image_wrap\">\n                            <img loading=\"lazy\" decoding=\"async\" src=\"https:\/\/spectrals.ch\/sebastien\/wp-content\/uploads\/2025\/03\/04.jpg\" title=\"04\" alt=\"\" class=\"dsm-skip-lazyload\" srcset=\"https:\/\/spectrals.ch\/sebastien\/wp-content\/uploads\/2025\/03\/04.jpg 1181w, https:\/\/spectrals.ch\/sebastien\/wp-content\/uploads\/2025\/03\/04-980x784.jpg 980w, https:\/\/spectrals.ch\/sebastien\/wp-content\/uploads\/2025\/03\/04-480x384.jpg 480w\" sizes=\"(min-width: 0px) and (max-width: 480px) 480px, (min-width: 481px) and (max-width: 980px) 980px, (min-width: 981px) 1181px, 100vw\" width=\"1181\" height=\"945\" \/>\n                            <span class=\"et_overlay dsm-overlay\">\n                        <div class=\"dsm-overlay-inner\">\n                            \n                            \n\t\t\t\t\t\t\t\n                        <\/div>\n                    <\/span>\n                        <\/div>\n                    <\/a>\n                <\/div><div class=\"grid-item\">\n                    <a href=\"https:\/\/spectrals.ch\/sebastien\/wp-content\/uploads\/2025\/03\/10.jpg\"   data-mfp-src=\"https:\/\/spectrals.ch\/sebastien\/wp-content\/uploads\/2025\/03\/10.jpg\">\n                        <div class=\"et_pb_image_wrap\">\n                            <img loading=\"lazy\" decoding=\"async\" src=\"https:\/\/spectrals.ch\/sebastien\/wp-content\/uploads\/2025\/03\/10.jpg\" title=\"10\" alt=\"\" class=\"dsm-skip-lazyload\" srcset=\"https:\/\/spectrals.ch\/sebastien\/wp-content\/uploads\/2025\/03\/10.jpg 1181w, https:\/\/spectrals.ch\/sebastien\/wp-content\/uploads\/2025\/03\/10-980x784.jpg 980w, https:\/\/spectrals.ch\/sebastien\/wp-content\/uploads\/2025\/03\/10-480x384.jpg 480w\" sizes=\"(min-width: 0px) and (max-width: 480px) 480px, (min-width: 481px) and (max-width: 980px) 980px, (min-width: 981px) 1181px, 100vw\" width=\"1181\" height=\"945\" \/>\n                            <span class=\"et_overlay dsm-overlay\">\n                        <div class=\"dsm-overlay-inner\">\n                            \n                            \n\t\t\t\t\t\t\t\n                        <\/div>\n                    <\/span>\n                        <\/div>\n                    <\/a>\n                <\/div><div class=\"grid-item\">\n                    <a href=\"https:\/\/spectrals.ch\/sebastien\/wp-content\/uploads\/2025\/03\/03.jpg\"   data-mfp-src=\"https:\/\/spectrals.ch\/sebastien\/wp-content\/uploads\/2025\/03\/03.jpg\">\n                        <div class=\"et_pb_image_wrap\">\n                            <img loading=\"lazy\" decoding=\"async\" src=\"https:\/\/spectrals.ch\/sebastien\/wp-content\/uploads\/2025\/03\/03.jpg\" title=\"03\" alt=\"\" class=\"dsm-skip-lazyload\" srcset=\"https:\/\/spectrals.ch\/sebastien\/wp-content\/uploads\/2025\/03\/03.jpg 1181w, https:\/\/spectrals.ch\/sebastien\/wp-content\/uploads\/2025\/03\/03-980x784.jpg 980w, https:\/\/spectrals.ch\/sebastien\/wp-content\/uploads\/2025\/03\/03-480x384.jpg 480w\" sizes=\"(min-width: 0px) and (max-width: 480px) 480px, (min-width: 481px) and (max-width: 980px) 980px, (min-width: 981px) 1181px, 100vw\" width=\"1181\" height=\"945\" \/>\n                            <span class=\"et_overlay dsm-overlay\">\n                        <div class=\"dsm-overlay-inner\">\n                            \n                            \n\t\t\t\t\t\t\t\n                        <\/div>\n                    <\/span>\n                        <\/div>\n                    <\/a>\n                <\/div><div class=\"grid-item\">\n                    <a href=\"https:\/\/spectrals.ch\/sebastien\/wp-content\/uploads\/2025\/03\/02.jpg\"   data-mfp-src=\"https:\/\/spectrals.ch\/sebastien\/wp-content\/uploads\/2025\/03\/02.jpg\">\n                        <div class=\"et_pb_image_wrap\">\n                            <img loading=\"lazy\" decoding=\"async\" src=\"https:\/\/spectrals.ch\/sebastien\/wp-content\/uploads\/2025\/03\/02.jpg\" title=\"02\" alt=\"\" class=\"dsm-skip-lazyload\" srcset=\"https:\/\/spectrals.ch\/sebastien\/wp-content\/uploads\/2025\/03\/02.jpg 1181w, https:\/\/spectrals.ch\/sebastien\/wp-content\/uploads\/2025\/03\/02-980x784.jpg 980w, https:\/\/spectrals.ch\/sebastien\/wp-content\/uploads\/2025\/03\/02-480x384.jpg 480w\" sizes=\"(min-width: 0px) and (max-width: 480px) 480px, (min-width: 481px) and (max-width: 980px) 980px, (min-width: 981px) 1181px, 100vw\" width=\"1181\" height=\"945\" \/>\n                            <span class=\"et_overlay dsm-overlay\">\n                        <div class=\"dsm-overlay-inner\">\n                            \n                            \n\t\t\t\t\t\t\t\n                        <\/div>\n                    <\/span>\n                        <\/div>\n                    <\/a>\n                <\/div><div class=\"grid-item\">\n                    <a href=\"https:\/\/spectrals.ch\/sebastien\/wp-content\/uploads\/2025\/03\/01.jpg\"   data-mfp-src=\"https:\/\/spectrals.ch\/sebastien\/wp-content\/uploads\/2025\/03\/01.jpg\">\n                        <div class=\"et_pb_image_wrap\">\n                            <img loading=\"lazy\" decoding=\"async\" src=\"https:\/\/spectrals.ch\/sebastien\/wp-content\/uploads\/2025\/03\/01.jpg\" title=\"01\" alt=\"\" class=\"dsm-skip-lazyload\" srcset=\"https:\/\/spectrals.ch\/sebastien\/wp-content\/uploads\/2025\/03\/01.jpg 1181w, https:\/\/spectrals.ch\/sebastien\/wp-content\/uploads\/2025\/03\/01-980x784.jpg 980w, https:\/\/spectrals.ch\/sebastien\/wp-content\/uploads\/2025\/03\/01-480x384.jpg 480w\" sizes=\"(min-width: 0px) and (max-width: 480px) 480px, (min-width: 481px) and (max-width: 980px) 980px, (min-width: 981px) 1181px, 100vw\" width=\"1181\" height=\"945\" \/>\n                            <span class=\"et_overlay dsm-overlay\">\n                        <div class=\"dsm-overlay-inner\">\n                            \n                            \n\t\t\t\t\t\t\t\n                        <\/div>\n                    <\/span>\n                        <\/div>\n                    <\/a>\n                <\/div><div class=\"grid-item\">\n                    <a href=\"https:\/\/spectrals.ch\/sebastien\/wp-content\/uploads\/2025\/03\/07.jpg\"   data-mfp-src=\"https:\/\/spectrals.ch\/sebastien\/wp-content\/uploads\/2025\/03\/07.jpg\">\n                        <div class=\"et_pb_image_wrap\">\n                            <img loading=\"lazy\" decoding=\"async\" src=\"https:\/\/spectrals.ch\/sebastien\/wp-content\/uploads\/2025\/03\/07.jpg\" title=\"07\" alt=\"\" class=\"dsm-skip-lazyload\" srcset=\"https:\/\/spectrals.ch\/sebastien\/wp-content\/uploads\/2025\/03\/07.jpg 1181w, https:\/\/spectrals.ch\/sebastien\/wp-content\/uploads\/2025\/03\/07-980x784.jpg 980w, https:\/\/spectrals.ch\/sebastien\/wp-content\/uploads\/2025\/03\/07-480x384.jpg 480w\" sizes=\"(min-width: 0px) and (max-width: 480px) 480px, (min-width: 481px) and (max-width: 980px) 980px, (min-width: 981px) 1181px, 100vw\" width=\"1181\" height=\"945\" \/>\n                            <span class=\"et_overlay dsm-overlay\">\n                        <div class=\"dsm-overlay-inner\">\n                            \n                            \n\t\t\t\t\t\t\t\n                        <\/div>\n                    <\/span>\n                        <\/div>\n                    <\/a>\n                <\/div><div class=\"grid-item\">\n                    <a href=\"https:\/\/spectrals.ch\/sebastien\/wp-content\/uploads\/2025\/03\/09.jpg\"   data-mfp-src=\"https:\/\/spectrals.ch\/sebastien\/wp-content\/uploads\/2025\/03\/09.jpg\">\n                        <div class=\"et_pb_image_wrap\">\n                            <img loading=\"lazy\" decoding=\"async\" src=\"https:\/\/spectrals.ch\/sebastien\/wp-content\/uploads\/2025\/03\/09.jpg\" title=\"09\" alt=\"\" class=\"dsm-skip-lazyload\" srcset=\"https:\/\/spectrals.ch\/sebastien\/wp-content\/uploads\/2025\/03\/09.jpg 1181w, https:\/\/spectrals.ch\/sebastien\/wp-content\/uploads\/2025\/03\/09-980x783.jpg 980w, https:\/\/spectrals.ch\/sebastien\/wp-content\/uploads\/2025\/03\/09-480x384.jpg 480w\" sizes=\"(min-width: 0px) and (max-width: 480px) 480px, (min-width: 481px) and (max-width: 980px) 980px, (min-width: 981px) 1181px, 100vw\" width=\"1181\" height=\"944\" \/>\n                            <span class=\"et_overlay dsm-overlay\">\n                        <div class=\"dsm-overlay-inner\">\n                            \n                            \n\t\t\t\t\t\t\t\n                        <\/div>\n                    <\/span>\n                        <\/div>\n                    <\/a>\n                <\/div><div class=\"grid-item\">\n                    <a href=\"https:\/\/spectrals.ch\/sebastien\/wp-content\/uploads\/2025\/03\/12.jpg\"   data-mfp-src=\"https:\/\/spectrals.ch\/sebastien\/wp-content\/uploads\/2025\/03\/12.jpg\">\n                        <div class=\"et_pb_image_wrap\">\n                            <img loading=\"lazy\" decoding=\"async\" src=\"https:\/\/spectrals.ch\/sebastien\/wp-content\/uploads\/2025\/03\/12.jpg\" title=\"12\" alt=\"\" class=\"dsm-skip-lazyload\" srcset=\"https:\/\/spectrals.ch\/sebastien\/wp-content\/uploads\/2025\/03\/12.jpg 1181w, https:\/\/spectrals.ch\/sebastien\/wp-content\/uploads\/2025\/03\/12-980x784.jpg 980w, https:\/\/spectrals.ch\/sebastien\/wp-content\/uploads\/2025\/03\/12-480x384.jpg 480w\" sizes=\"(min-width: 0px) and (max-width: 480px) 480px, (min-width: 481px) and (max-width: 980px) 980px, (min-width: 981px) 1181px, 100vw\" width=\"1181\" height=\"945\" \/>\n                            <span class=\"et_overlay dsm-overlay\">\n                        <div class=\"dsm-overlay-inner\">\n                            \n                            \n\t\t\t\t\t\t\t\n                        <\/div>\n                    <\/span>\n                        <\/div>\n                    <\/a>\n                <\/div>\n             <\/div>\n\t\t\t\t<\/div>\n\t\t\t<\/div><\/p>\n","protected":false},"author":1,"featured_media":0,"parent":0,"menu_order":0,"comment_status":"closed","ping_status":"closed","template":"","meta":{"_et_pb_use_builder":"on","_et_pb_old_content":"<!-- wp:divi\/placeholder \/-->","_et_gb_content_width":"","footnotes":""},"class_list":["post-2021","page","type-page","status-publish","hentry"],"_links":{"self":[{"href":"https:\/\/spectrals.ch\/sebastien\/wp-json\/wp\/v2\/pages\/2021","targetHints":{"allow":["GET"]}}],"collection":[{"href":"https:\/\/spectrals.ch\/sebastien\/wp-json\/wp\/v2\/pages"}],"about":[{"href":"https:\/\/spectrals.ch\/sebastien\/wp-json\/wp\/v2\/types\/page"}],"author":[{"embeddable":true,"href":"https:\/\/spectrals.ch\/sebastien\/wp-json\/wp\/v2\/users\/1"}],"replies":[{"embeddable":true,"href":"https:\/\/spectrals.ch\/sebastien\/wp-json\/wp\/v2\/comments?post=2021"}],"version-history":[{"count":9,"href":"https:\/\/spectrals.ch\/sebastien\/wp-json\/wp\/v2\/pages\/2021\/revisions"}],"predecessor-version":[{"id":2333,"href":"https:\/\/spectrals.ch\/sebastien\/wp-json\/wp\/v2\/pages\/2021\/revisions\/2333"}],"wp:attachment":[{"href":"https:\/\/spectrals.ch\/sebastien\/wp-json\/wp\/v2\/media?parent=2021"}],"curies":[{"name":"wp","href":"https:\/\/api.w.org\/{rel}","templated":true}]}}